{"id":143300,"date":"2024-06-13T17:04:22","date_gmt":"2024-06-13T16:04:22","guid":{"rendered":"https:\/\/pharmacima.com\/?post_type=product&#038;p=143300"},"modified":"2024-11-30T20:46:40","modified_gmt":"2024-11-30T19:46:40","slug":"pack-fete-des-meres-creme-main-et-faux-cils","status":"publish","type":"product","link":"https:\/\/pharmacima.com\/ar\/product\/pack-fete-des-meres-creme-main-et-faux-cils\/","title":{"rendered":"Pack Fete Des Meres creme main et Faux cils"},"content":{"rendered":"<h2><strong>\u0648\u0635\u0641 :<\/strong><\/h2>\n<p>C\u00e9l\u00e9brez l\u2019amour et la beaut\u00e9 intemporelle de votre m\u00e8re avec notre Pack \u00c9clat Maternelle, une fusion parfaite de gr\u00e2ce et de soin. Con\u00e7u pour honorer la douceur de sa pr\u00e9sence et la force de son amour, ce pack incarne l\u2019essence m\u00eame de la F\u00eate des M\u00e8res.<\/p>\n<p>Dans ce coffret exquis, d\u00e9couvrez deux tr\u00e9sors de beaut\u00e9 qui \u00e9veilleront les sens et ch\u00e9riront la peau de votre m\u00e8re avec une tendresse infinie.<\/p>\n<p>Le pack contient des Faus cils \u00e0 partir de fibres synth\u00e9tiques, les faux-cils classiques sont l\u00e9gers \u00e0 porter, id\u00e9aux pour la vie de tous les jours, que vous soyez \u00e0 la recherche d\u2019un style subtil et naturel, ou d\u2019un style plus s\u00e9ducteur.<\/p>\n<p>Chouchoutez les mains qui ont guid\u00e9, soutenu et aim\u00e9 avec notre Cr\u00e8me Main Velours de Maman. Infus\u00e9e avec des extraits botaniques apaisants et des huiles hydratantes, cette cr\u00e8me luxueuse nourrit et adoucit la peau, laissant un parfum envo\u00fbtant et une sensation de douceur durable. Chaque application est un geste d\u2019affection et de reconnaissance envers celle qui a toujours \u00e9t\u00e9 l\u00e0.<\/p>","protected":false},"excerpt":{"rendered":"<h3><strong>Contenance : Faux Cils Sheglam<\/strong><\/h3>\n<h3><strong>cr\u00e8me mains senteur Grenade 30ml<\/strong><\/h3>","protected":false},"featured_media":143302,"comment_status":"open","ping_status":"closed","template":"","meta":{"_acf_changed":false},"product_brand":[],"product_cat":[102,140,141],"product_tag":[],"class_list":{"0":"post-143300","1":"product","2":"type-product","3":"status-publish","4":"has-post-thumbnail","6":"product_cat-soin-et-bien-etre","7":"product_cat-mains","8":"product_cat-yeux","10":"first","11":"outofstock","12":"taxable","13":"shipping-taxable","14":"product-type-simple"},"acf":[],"_links":{"self":[{"href":"https:\/\/pharmacima.com\/ar\/wp-json\/wp\/v2\/product\/143300","targetHints":{"allow":["GET"]}}],"collection":[{"href":"https:\/\/pharmacima.com\/ar\/wp-json\/wp\/v2\/product"}],"about":[{"href":"https:\/\/pharmacima.com\/ar\/wp-json\/wp\/v2\/types\/product"}],"replies":[{"embeddable":true,"href":"https:\/\/pharmacima.com\/ar\/wp-json\/wp\/v2\/comments?post=143300"}],"wp:featuredmedia":[{"embeddable":true,"href":"https:\/\/pharmacima.com\/ar\/wp-json\/wp\/v2\/media\/143302"}],"wp:attachment":[{"href":"https:\/\/pharmacima.com\/ar\/wp-json\/wp\/v2\/media?parent=143300"}],"wp:term":[{"taxonomy":"product_brand","embeddable":true,"href":"https:\/\/pharmacima.com\/ar\/wp-json\/wp\/v2\/product_brand?post=143300"},{"taxonomy":"product_cat","embeddable":true,"href":"https:\/\/pharmacima.com\/ar\/wp-json\/wp\/v2\/product_cat?post=143300"},{"taxonomy":"product_tag","embeddable":true,"href":"https:\/\/pharmacima.com\/ar\/wp-json\/wp\/v2\/product_tag?post=143300"}],"curies":[{"name":"wp","href":"https:\/\/api.w.org\/{rel}","templated":true}]}}